{"id":795,"date":"2016-07-04T13:36:35","date_gmt":"2016-07-04T11:36:35","guid":{"rendered":"http:\/\/www.new.hotelresidence.pl\/?page_id=795"},"modified":"2016-10-13T20:12:27","modified_gmt":"2016-10-13T18:12:27","slug":"atrakcje","status":"publish","type":"page","link":"https:\/\/hotelresidence.pl\/pl\/atrakcje\/","title":{"rendered":"Atrakcje"},"content":{"rendered":"<p>[vc_row][vc_column][\/vc_column][\/vc_row][vc_row][vc_column width=&#8221;1\/2&#8243; css=&#8221;.vc_custom_1448336576950{padding-top: 35px !important;padding-bottom: 55px !important;}&#8221;][vc_column_text]<\/p>\n<h1 class=\"sbig\"><strong>Wszystkie drogi prowadz\u0105 do Rewala<\/strong><\/h1>\n<h5>Poza walorami Rewala i pozosta\u0142ych miejscowo\u015bci gminy, nie bez znaczenia dla rozwoju turystyki jest r\u00f3wnie\u017c jego atrakcyjne po\u0142o\u017cenie. St\u0105d wsz\u0119dzie jest blisko.<\/h5>\n<p style=\"text-align: justify;\">[\/vc_column_text][\/vc_column][vc_column width=&#8221;1\/2&#8243; css=&#8221;.vc_custom_1448340659656{padding-top: 60px !important;padding-bottom: 130px !important;padding-left: 80px !important;background-color: #e2e2e2 !important;}&#8221;][vc_column_text el_class=&#8221;.droid-font&#8221;]Mo\u017cna pieszo i rowerem zwiedzi\u0107 najbli\u017csz\u0105 okolic\u0119. Blisko jest do Kamienia Pomorskiego z jego zabytkami, Katedr\u0105 i Festiwalem Muzyki Organowej. Blisko te\u017c jest do Ko\u0142obrzegu, Trzebiatowa czy Gryfic z ich zabytkami; do Mi\u0119dzyzdroj\u00f3w z Festiwalem Gwiazd, do Woli\u0144skiego Parku Narodowego; do Wolina z Festiwalem Wiking\u00f3w; i do Goleniowa z Portem Lotniczym otwieraj\u0105cym przed nami okno na miasta Polski i Europy; i do \u015awinouj\u015bcia, sk\u0105d mo\u017cemy pop\u0142yn\u0105\u0107 dalej, do Kopenhagi, Malmoe, Ystad, na wysp\u0119 Bornholm.<\/p>\n<p>[\/vc_column_text][\/vc_column][\/vc_row][vc_row full_width=&#8221;stretch_row&#8221; parallax=&#8221;content-moving-fade&#8221; parallax_image=&#8221;0&#8243; css=&#8221;.vc_custom_1448954381233{background-image: url(http:\/\/www.hotelresidence.pl\/wp-content\/uploads\/2016\/07\/tlo-atrakcje.jpg) !important;background-position: center;background-repeat: no-repeat !important;background-size: cover !important;}&#8221;][vc_column][vc_empty_space height=&#8221;400px&#8221;][\/vc_column][\/vc_row][vc_row full_width=&#8221;stretch_row&#8221; css=&#8221;.vc_custom_1446803941606{background-color: #ffffff !important;}&#8221;][vc_column css=&#8221;.vc_custom_1446803925823{padding-top: 0px !important;padding-bottom: 0px !important;}&#8221;][vc_column_text]<\/p>\n<p>[vc_row][vc_column][\/vc_column][\/vc_row][vc_row][vc_column width=&#8221;1\/2&#8243; css=&#8221;.vc_custom_1448336576950{padding-top: 35px !important;padding-bottom: 55px !important;}&#8221;][vc_column_text]<\/p>\n<h1 class=\"sbig\"><strong>Zobaczy\u0107 i\u2026 wr\u00f3ci\u0107<\/strong><\/h1>\n<h5>Ale i na terenie samej gminy Rewal jest wiele do zobaczenia; nie sam\u0105 pla\u017c\u0105 wszak cz\u0142owiek \u017cyje. Oto kr\u00f3tki przewodnik po okolicy.<\/h5>\n<h3><strong>Trz\u0119sacz:<\/strong><\/h3>\n<p style=\"text-align: justify;\"><strong><img loading=\"lazy\" decoding=\"async\" class=\"alignright wp-image-522\" src=\"http:\/\/www.hotelresidence.pl\/wp-content\/uploads\/2015\/12\/03-gmina-rewal-300x191.jpg\" alt=\"03-gmina-rewal\" width=\"350\" height=\"223\" srcset=\"https:\/\/hotelresidence.pl\/wp-content\/uploads\/2015\/12\/03-gmina-rewal-300x191.jpg 300w, https:\/\/hotelresidence.pl\/wp-content\/uploads\/2015\/12\/03-gmina-rewal-768x490.jpg 768w, https:\/\/hotelresidence.pl\/wp-content\/uploads\/2015\/12\/03-gmina-rewal.jpg 800w\" sizes=\"(max-width: 350px) 100vw, 350px\" \/>Ruiny ko\u015bcio\u0142a<\/strong> &#8211; to pozosta\u0142o\u015b\u0107 po wybudowanym na prze\u0142omie XIV i XV w. gotyckim ko\u015bciele. \u015awi\u0105tynia pierwotnie wzniesiona w odleg\u0142o\u015bci ok. 1,8-2 km od brzegu morza, po\u015brodku wsi, uleg\u0142a zniszczeniu w wyniku proces\u00f3w abrazyjnych. Do dzisiaj zachowa\u0142a si\u0119 jedynie po\u0142udniowa \u015bciana ko\u015bcio\u0142a znajduj\u0105ca si\u0119 na szczycie klifu.<\/p>\n<p style=\"text-align: justify;\"><strong>Multimedialne muzeum na 15. Po\u0142udniku<\/strong> im. W\u0142adys\u0142awa Jagie\u0142\u0142y, z prezentacj\u0105 multimedialn\u0105 \u201e1000 lat historii Trz\u0119sacza\u201d.<\/p>\n<p style=\"text-align: justify;\">Pochodz\u0105cy z XVIII-XIX w. <strong>Zesp\u00f3\u0142 pa\u0142acowo\u2013folwarczny<\/strong>, z 200-letnim parkiem przypa\u0142acowym<\/p>\n<p style=\"text-align: justify;\"><strong>Ko\u015bci\u00f3\u0142 neogotycki z XIX w.<\/strong>, z wczesnobarokowym o\u0142tarzem z 1673 r. p\u0119dzla Joachima Sellina. O\u0142tarz przechowywany by\u0142 w Katedrze Kamie\u0144skiej. Do Trz\u0119sacza wr\u00f3ci\u0142 w 2003 r.<\/p>\n<p style=\"text-align: justify;\">Zej\u015bcie pla\u017cowe z<strong> platform\u0105 widokow\u0105<\/strong> \u2013 zbudowan\u0105 na wysoko\u015bci 15 m i d\u0142ugo\u015bci ponad 42 m, opodal ruin ko\u015bcio\u0142a w Trz\u0119saczu<\/p>\n<h3><\/h3>\n<h3><strong>Niechorze<\/strong><\/h3>\n<p style=\"text-align: justify;\"><strong><img loading=\"lazy\" decoding=\"async\" class=\"wp-image-526 size-full aligncenter\" src=\"http:\/\/www.hotelresidence.pl\/wp-content\/uploads\/2015\/12\/rewal_01.jpg\" alt=\"rewal_01\" width=\"800\" height=\"533\" srcset=\"https:\/\/hotelresidence.pl\/wp-content\/uploads\/2015\/12\/rewal_01.jpg 800w, https:\/\/hotelresidence.pl\/wp-content\/uploads\/2015\/12\/rewal_01-300x200.jpg 300w, https:\/\/hotelresidence.pl\/wp-content\/uploads\/2015\/12\/rewal_01-768x512.jpg 768w\" sizes=\"(max-width: 800px) 100vw, 800px\" \/><\/strong><\/p>\n<p style=\"text-align: left;\"><strong> Latarnia Morska, 1866 r.\u00a0<\/strong> \u2013 wpisana do rejestru zabytk\u00f3w pod\u00a0numerem 1350.\u00a0Po\u0142o\u017cona bezpo\u015brednio na wysokim klifowym brzegu morza\u00a0Ba\u0142tyckiego, mi\u0119dzy Latarni\u0105\u00a0Morsk\u0105 Kikut (30 km na zach\u00f3d), a \u00a0Latarni\u0105 Morsk\u0105 Ko\u0142obrzeg (34 km na wsch\u00f3d). Latarnia i jej taras widokowy s\u0105 udost\u0119pnione dla zwiedzaj\u0105cych.<\/p>\n<p style=\"text-align: justify;\"><strong><img loading=\"lazy\" decoding=\"async\" class=\"wp-image-733 size-medium alignright\" src=\"http:\/\/www.hotelresidence.pl\/wp-content\/uploads\/2016\/07\/rewal-03-300x174.jpg\" alt=\"rewal-03\" width=\"300\" height=\"174\" srcset=\"https:\/\/hotelresidence.pl\/wp-content\/uploads\/2016\/07\/rewal-03-300x174.jpg 300w, https:\/\/hotelresidence.pl\/wp-content\/uploads\/2016\/07\/rewal-03-768x445.jpg 768w, https:\/\/hotelresidence.pl\/wp-content\/uploads\/2016\/07\/rewal-03.jpg 927w\" sizes=\"(max-width: 300px) 100vw, 300px\" \/>Zabytkowe domy rybackie z XVIII i XIX<\/strong> \u2013 pozosta\u0142o\u015b\u0107 po osadzie rybackiej<\/p>\n<p style=\"text-align: justify;\"><strong>Muzeum Rybo\u0142\u00f3wstwa Morskiego<\/strong>, stale otwarte dla zwiedzaj\u0105cych od 1944 r., w kt\u00f3rym mo\u017cna zobaczy\u0107\u00a0 ciekawe eksponaty marynistyczne i dawne przedmioty u\u017cytkowe, pochodz\u0105ce z domostw i gospodarstw\u00a0 ba\u0142tyckich rybak\u00f3w<\/p>\n<p style=\"text-align: justify;\"><strong>Ba\u0142tycki Krzy\u017c Nadziei<\/strong> &#8211; Replika krzy\u017ca z Giewontu, w Pustkowie, postawionego tu w 2007 r. z inicjatywy Katolickiego Stowarzyszenia Kolejarzy Polskich<\/p>\n<p style=\"text-align: justify;\"><strong><br \/>\n<img loading=\"lazy\" decoding=\"async\" class=\"wp-image-798 size-medium alignright\" src=\"http:\/\/www.hotelresidence.pl\/wp-content\/uploads\/2016\/07\/gmina-rewal-01-300x156.jpg\" alt=\"gmina-rewal-01\" width=\"300\" height=\"156\" srcset=\"https:\/\/hotelresidence.pl\/wp-content\/uploads\/2016\/07\/gmina-rewal-01-300x156.jpg 300w, https:\/\/hotelresidence.pl\/wp-content\/uploads\/2016\/07\/gmina-rewal-01-768x400.jpg 768w, https:\/\/hotelresidence.pl\/wp-content\/uploads\/2016\/07\/gmina-rewal-01.jpg 960w\" sizes=\"(max-width: 300px) 100vw, 300px\" \/>Stanowisko archeologiczne w \u015aliwinie<\/strong> obejmuj\u0105ce punkt osadniczy ze staro\u017cytno\u015bci i okresu wp\u0142yw\u00f3w rzymskich oraz pozosta\u0142o\u015bci grodziska z wczesnego \u015bredniowiecza, wpisane do rejestru zabytk\u00f3w i obj\u0119te ochron\u0105 archeologiczno-konserwatorsk\u0105.<\/p>\n<h3><strong>Rewal:<\/strong><\/h3>\n<p style=\"text-align: justify;\"><strong>Ko\u015bci\u00f3\u0142 w Rewalu<\/strong> \u2013 w latach 1976-1978 w miejscu ma\u0142ej kaplicy wybudowano ko\u015bci\u00f3\u0142.<br \/>\nBry\u0142a przypominaj\u0105ca ludzkie serce zosta\u0142a zaprojektowana przez architekta Zbigniewa Abrahamowicza.<br \/>\n<strong>Platforma widokowa<\/strong> \u2013 przy ulicy Sikorskiego na wysoko\u015bci 12,5 i d\u0142ugo\u015bci ok. 20 m<br \/>\n<strong>Punkt Widokowy<\/strong> \u2013 przy ulicy Saperskiej (tu\u017c obok Hotelu Residence)<\/p>\n<p style=\"text-align: justify;\"><strong>Jezioro &#8222;Liwia \u0141u\u017ca&#8221;<\/strong> \u2013 rezerwat przyrody na granicy Pogorzelicy i Niechorza. Po\u0142\u0105czone z morzem kana\u0142em Liwka, stanowi rezerwat ptactwa wodnego.<\/p>\n<h1 class=\"sbig\"><strong><br \/>\nB\u0119dzie si\u0119 dzia\u0142o<br \/>\n<\/strong><\/h1>\n<h5>Wiele si\u0119 dzieje w Gminie \u2013 z my\u015bl\u0105 o turystach i mieszka\u0144cach organizowanych jest wiele imprez, zar\u00f3wno cyklicznych, jak i okoliczno\u015bciowych. Stanowi\u0105 one bogat\u0105 ofert\u0119 kulturaln\u0105 i sportow\u0105, mog\u0105c\u0105 zaspokoi\u0107 gust najbardziej wymagaj\u0105cych widz\u00f3w.<\/h5>\n<p style=\"text-align: justify;\">Gmina Rewal t\u0119tni \u017cyciem w sezonie letnim. Jednak\u017ce i poza typowym sezonem turystycznym organizowane s\u0105 tu szkolenia, konferencje, turnusy sanatoryjne, d\u0142u\u017csze i kr\u00f3tsze pobyty \u015bwi\u0105teczne, przyje\u017cd\u017caj\u0105 grzybiarze czy amatorzy urlop\u00f3w poza sezonem. Chcieliby\u015bmy, aby tury\u015bci odwiedzali nas r\u00f3wnie ch\u0119tnie i licznie w kwietniu, maju czy\u00a0 pa\u017adzierniku, jak w czerwcu, lipcu i sierpniu. Przez ca\u0142y rok mamy tutaj \u015bwie\u017ce powietrze i przepi\u0119kne zachody s\u0142o\u0144ca, jednakowo pachn\u0105 sosnowe lasy, koj\u0105co szumi morze.<\/p>\n<h1 class=\"sbig\"><strong>Bajkowa gmina<br \/>\n<\/strong><\/h1>\n<h5>W czasie \u015bwi\u0105t miejscowo\u015bci gminy zaskakuj\u0105 przyjezdnych okoliczno\u015bciowymi dekoracjami.<\/h5>\n<p style=\"text-align: justify;\"><strong>Wielkanoc<\/strong> witaj\u0105 na wielu placach i w ogrodach kolorowe kompozycje wielkich pisanek, zaj\u0119cy, kurczak\u00f3w i innych symboli tych \u015bwi\u0105t. Jeszcze bardziej widowiskowe s\u0105 oryginalne <strong>\u015bwi\u0105teczne iluminacje<\/strong> w Niechorzu, Pobierowie, Rewalu i Pustkowie w okresie Bo\u017cego Narodzenia i Nowego Roku. Stanowi\u0105 kompozycyjn\u0105 ca\u0142o\u015b\u0107, mo\u017cemy wi\u0119c na przyk\u0142ad ogl\u0105da\u0107 zgromadzone w jednym miejscu \u015bwietlne postaci z bajek w Niechorzu lub te\u017c szopk\u0119 w Pustkowie. Po zapadni\u0119ciu zmroku ten czarowny widok zapiera dech w piersiach i natychmiast wprawia nas w \u015bwi\u0105teczny nastr\u00f3j. Nic dziwnego, \u017ce te w\u0142a\u015bnie miejsca mieszka\u0144cy i przyjezdni wybieraj\u0105 na rodzinne spacery.<\/p>\n<p>[\/vc_column_text][\/vc_column][vc_column width=&#8221;1\/2&#8243; css=&#8221;.vc_custom_1448340659656{padding-top: 60px !important;padding-bottom: 130px !important;padding-left: 80px !important;background-color: #e2e2e2 !important;}&#8221;][vc_column_text el_class=&#8221;.droid-font&#8221;]<\/p>\n<h1 class=\"sbig\"><strong><img loading=\"lazy\" decoding=\"async\" class=\"aligncenter wp-image-524 size-full\" src=\"http:\/\/www.hotelresidence.pl\/wp-content\/uploads\/2015\/12\/05-gmina-rewal.jpg\" alt=\"05-gmina-rewal\" width=\"800\" height=\"524\" srcset=\"https:\/\/hotelresidence.pl\/wp-content\/uploads\/2015\/12\/05-gmina-rewal.jpg 800w, https:\/\/hotelresidence.pl\/wp-content\/uploads\/2015\/12\/05-gmina-rewal-300x197.jpg 300w, https:\/\/hotelresidence.pl\/wp-content\/uploads\/2015\/12\/05-gmina-rewal-768x503.jpg 768w\" sizes=\"(max-width: 800px) 100vw, 800px\" \/>Jecha\u0107 albo i\u015b\u0107 w stron\u0119 s\u0142o\u0144ca<br \/>\n<\/strong><\/h1>\n<h5>Mo\u017cna by\u0107 biernym obserwatorem mecz\u00f3w, koncert\u00f3w czy pokaz\u00f3w, mo\u017cna te\u017c zaplanowa\u0107 piesze lub rowerowe wycieczki. Oto trasy, kt\u00f3re przej\u015b\u0107 lub przejecha\u0107.<\/h5>\n<p><strong>\u015acie\u017cki i szlaki rowerowe<\/strong> <span style=\"color: #ff9900;\">(<a style=\"color: #ff9900;\" href=\"http:\/\/www.rewal.pl\/pl\/rekreacja\/cieki-rowerowe\">mapy i dok\u0142adne opisy szlak\u00f3w<\/a>)<\/span><\/p>\n<p style=\"text-align: justify;\"><strong>Letniskowy Szlak Pobierowa<\/strong> \u2013 p\u0119tlowy, kolor niebieski<br \/>\n<strong>Zachodni Szlak \u0141\u0105cznikowy<\/strong> \u2013 liniowy, czarny; Pobierowo \u2013 Pustkowo (doprowadza do szlaku czerwonego)<br \/>\n<strong>\u015aladami Zabytk\u00f3w Architektury<\/strong> \u2013 p\u0119tlowy, czerwony; od centrum Trz\u0119sacza przez tereny zwane Ch\u0142opskimi \u0141\u0105kami, Dre\u017cewo, Pustkowo powr\u00f3t do Trz\u0119sacza (st\u0105d mo\u017cliwo\u015b\u0107 kontynuowania w\u0119dr\u00f3wki szlakiem \u201eRewalska Kraina S\u0142o\u0144ca\u201d)<br \/>\n<strong>\u201eLe\u015bnym Duktem\u201d<\/strong> \u2013 p\u0119tlowy, \u017c\u00f3\u0142ty; szlak rekreacyjny wok\u00f3\u0142 Pogorzelicy, g\u0142\u00f3wnie\u00a0Rewalska Kraina S\u0142o\u0144ca \u2013 p\u0119tlowy; od hali sportowej przy ul. Kamie\u0144skiej w Rewalu, przez Trz\u0119sacz i \u015aliwin, powr\u00f3t do miejsca startu w Rewalu<\/p>\n<p style=\"text-align: justify;\"><img loading=\"lazy\" decoding=\"async\" class=\"aligncenter wp-image-483 size-full\" src=\"http:\/\/www.hotelresidence.pl\/wp-content\/uploads\/2015\/12\/residence_11.jpg\" alt=\"residence_11\" width=\"800\" height=\"533\" srcset=\"https:\/\/hotelresidence.pl\/wp-content\/uploads\/2015\/12\/residence_11.jpg 800w, https:\/\/hotelresidence.pl\/wp-content\/uploads\/2015\/12\/residence_11-300x200.jpg 300w, https:\/\/hotelresidence.pl\/wp-content\/uploads\/2015\/12\/residence_11-768x512.jpg 768w\" sizes=\"(max-width: 800px) 100vw, 800px\" \/><br \/>\n<strong>\u015aladami Historii Niechorza<\/strong> \u2013 liniowy, niebieski; start w centrum Niechorza (dworzec PKS), przez ca\u0142\u0105 miejscowo\u015b\u0107, m.in. przez park z g\u0142azem narzutowym, do latarni morskiej i do ul. Klifowej \u2013 koniec szlaku (mo\u017cliwo\u015b\u0107 kontynuowania w\u0119dr\u00f3wki Wschodnim Szlakiem \u0141\u0105cznikowym)<br \/>\n<strong>\u015aladami Rybo\u0142\u00f3wstwa Morskiego<\/strong> \u2013 liniowy, czerwony; start w Niechorzu, dworzec PKS do Pogorzelicy \u2013 ulicami tych miejscowo\u015bci, do dworca Nadmorskiej Kolei W\u0105skotorowej w Pogorzelicy; st\u0105d mo\u017cliwo\u015b\u0107 kontynuowania trasy szlakiem \u201eLe\u015bnym Duktem\u201d lub powrotu do centrum Niechorza szlakiem \u201eJeziora Liwia \u0141u\u017ca\u201d.<br \/>\n<strong>\u201eJeziora Liwia \u0141u\u017ca\u201d<\/strong> \u2013 p\u0119tlowy; szlak wok\u00f3\u0142 jeziora Liwia \u0141u\u017ca, start i koniec w centrum Niechorza, dworzec PKS<br \/>\n<strong>Wschodni Szlak \u0141\u0105cznikowy<\/strong> \u2013 liniowy, kolor czarny; \u0142\u0105czy szlak \u017c\u00f3\u0142ty w Rewalu ze szlakami w Niechorzu.<\/p>\n<p style=\"text-align: justify;\">Dzi\u0119ki sieci wypo\u017cyczalni rower\u00f3w Rewal Bike System ta forma wypoczynku jest dost\u0119pna dla ka\u017cdego turysty.<\/p>\n<h1 class=\"sbig\"><strong>Wsi\u0105\u015b\u0107 do poci\u0105gu nie byle jakiego<br \/>\n<\/strong><\/h1>\n<h5>Mo\u017cna pieszo, mo\u017cna na dw\u00f3ch lub czterech k\u00f3\u0142kach, mo\u017cna te\u017c podziwia\u0107 krajobraz z okien zabytkowej kolejki.<br \/>\n<strong>Nadmorska Kolej W\u0105skotorowa<\/strong><\/h5>\n<p style=\"text-align: justify;\">Niegdy\u015b, w latach swej \u015bwietno\u015bci, kolej w\u0105skotorowa \u0142\u0105czy\u0142a Rewal ze Stargardem Szczeci\u0144skim, Nowogardem, a nawet Bia\u0142ogardem i Koszalinem.<br \/>\nDzisiaj zabytkowa w\u0105skotor\u00f3wka nale\u017cy do Gminy Rewal, jej w\u0142a\u015bciciela i zarz\u0105dcy od roku 2002. Ma d\u0142ugo\u015b\u0107 40 km i przewozi w sezonie ponad 100 tys. os\u00f3b na trasie Gryfice \u2013 Pogorzelica.<br \/>\nW ub.r. Gmina przyst\u0105pi\u0142a do realizacji wartej 40 mln z\u0142 inwestycji pn. <strong>\u201eRewitalizacja zabytkowej linii Nadmorskiej Kolei W\u0105skotorowej w Gminie Rewal \u2013 remont budynk\u00f3w i budowli wraz z zagospodarowaniem terenu\u201d<\/strong>, dofinansowanej ze \u015brodk\u00f3w Europejskiego Funduszu Rozwoju Regionalnego. Wizualizacja projektu ukazuje dawne pi\u0119kno tej linii i ma\u0142ych dworc\u00f3w kolejowych; efekt rewitalizacji zachwyci ka\u017cdego! Przeja\u017cd\u017cka kolejk\u0105 po modernizacji b\u0119dzie romantyczn\u0105 podr\u00f3\u017c\u0105 w czasie. <span style=\"color: #ff9900;\"><a style=\"color: #ff9900;\" href=\"https:\/\/www.youtube.com\/watch?v=KHFdzR-phZg&amp;\">Projekt mo\u017cna obejrze\u0107 tutaj<\/a>.<\/span><br \/>\nW ramach projektu odnowiony zostanie tak\u017ce tabor kolejowy, w tym i staruszek parow\u00f3z PX48-3916 nazwany Parysem, zakupiony w\u0142a\u015bnie od Muzeum Kolejnictwa w Warszawie. Odnowiony tabor b\u0119dzie te\u017c przystosowany do przewozu rower\u00f3w. Powstaj\u0105 nowe projekty, maj\u0105ce wykorzysta\u0107 potencja\u0142 kolei w\u0105skotorowej. Takim projektem jest np. Rewal Bike System \u2013 nowoczesna sie\u0107 wypo\u017cyczalni rower\u00f3w, usytuowanych przy dworcach kolejowych, umo\u017cliwiaj\u0105cych dotarcie do wybranych cel\u00f3w wycieczkowych rowerem i powr\u00f3t kolejk\u0105.<\/p>\n<h4><strong><br \/>\nOto Rewal<\/strong> \u2013 Gmina jakich ma\u0142o, Gmina warta zobaczenia, pokochania i wiernych do niej powrot\u00f3w.<br \/>\n<strong>Hotel Residence zaprasza<\/strong> \u2013 przyjed\u017acie do nas!<br \/>\n[\/vc_column_text][vc_empty_space height=&#8221;60px&#8221;]<div class=\"awe-slider roomrate-slider\" data-items=\"3\" data-pagination=\"false\" data-navigation='true'>\r\n\t<\/div><!-- \/roomrate-slider -->[\/vc_column][\/vc_row][vc_row][vc_column][vc_empty_space height=&#8221;70px&#8221;][vc_column_text]<\/h4>\n<p><\/p>","protected":false},"excerpt":{"rendered":"<p>[vc_row][vc_column][\/vc_column][\/vc_row][vc_row][vc_column width=&#8221;1\/2&#8243; css=&#8221;.vc_custom_1448336576950{padding-top: 35px !important;padding-bottom: 55px !important;}&#8221;][vc_column_text] Wszystkie drogi prowadz\u0105 do Rewala Poza walorami Rewala i pozosta\u0142ych miejscowo\u015bci gminy, nie bez znaczenia dla rozwoju turystyki jest r\u00f3wnie\u017c jego atrakcyjne po\u0142o\u017cenie. St\u0105d wsz\u0119dzie jest blisko. [\/vc_column_text][\/vc_column][vc_column width=&#8221;1\/2&#8243; css=&#8221;.vc_custom_1448340659656{padding-top: 60px !important;padding-bottom: 130px !important;padding-left: 80px !important;background-color: #e2e2e2 !important;}&#8221;][vc_column_text el_class=&#8221;.droid-font&#8221;]Mo\u017cna pieszo i rowerem zwiedzi\u0107 najbli\u017csz\u0105 okolic\u0119. Blisko jest do [&hellip;]<\/p>\n","protected":false},"author":1,"featured_media":0,"parent":0,"menu_order":0,"comment_status":"closed","ping_status":"closed","template":"page-notitle.php","meta":{"footnotes":""},"_links":{"self":[{"href":"https:\/\/hotelresidence.pl\/pl\/wp-json\/wp\/v2\/pages\/795"}],"collection":[{"href":"https:\/\/hotelresidence.pl\/pl\/wp-json\/wp\/v2\/pages"}],"about":[{"href":"https:\/\/hotelresidence.pl\/pl\/wp-json\/wp\/v2\/types\/page"}],"author":[{"embeddable":true,"href":"https:\/\/hotelresidence.pl\/pl\/wp-json\/wp\/v2\/users\/1"}],"replies":[{"embeddable":true,"href":"https:\/\/hotelresidence.pl\/pl\/wp-json\/wp\/v2\/comments?post=795"}],"version-history":[{"count":136,"href":"https:\/\/hotelresidence.pl\/pl\/wp-json\/wp\/v2\/pages\/795\/revisions"}],"predecessor-version":[{"id":2005,"href":"https:\/\/hotelresidence.pl\/pl\/wp-json\/wp\/v2\/pages\/795\/revisions\/2005"}],"wp:attachment":[{"href":"https:\/\/hotelresidence.pl\/pl\/wp-json\/wp\/v2\/media?parent=795"}],"curies":[{"name":"wp","href":"https:\/\/api.w.org\/{rel}","templated":true}]}}